{"id":8179,"date":"2025-12-02T14:51:13","date_gmt":"2025-12-02T06:51:13","guid":{"rendered":"https:\/\/medkemedical.com\/?post_type=videos&#038;p=8179"},"modified":"2025-12-02T14:51:13","modified_gmt":"2025-12-02T06:51:13","slug":"medica-2025-through-our-lens-%f0%9f%8e%ac%e2%9c%a8","status":"publish","type":"videos","link":"https:\/\/medkemedical.com\/pt\/videos\/medica-2025-through-our-lens-%f0%9f%8e%ac%e2%9c%a8\/","title":{"rendered":"MEDICA 2025 Atrav\u00e9s das Nossas Lentes \ud83c\udfac\u2728"},"content":{"rendered":"<p class=\"has-medium-font-size\">Desde o momento em que nossa equipe chegou a D\u00fcsseldorf e come\u00e7ou a montar o estande, sab\u00edamos que a MEDICA 2025 deste ano seria extraordin\u00e1ria.<\/p><figure class=\"wp-block-video\"><video controls src=\"https:\/\/medkemedical.com\/wp-content\/uploads\/2025\/12\/\u5fb7\u56fd\u5c55\u4f1a11.19-\u82f1\u6587\u7248.mp4\"><\/video><\/figure><p class=\"has-medium-font-size\">Ap\u00f3s dias de prepara\u00e7\u00e3o cuidadosa, cada detalhe da exposi\u00e7\u00e3o, demonstra\u00e7\u00e3o de produto e elemento de marca se uniram \u2014 e, quando a exposi\u00e7\u00e3o foi inaugurada, os resultados foram incr\u00edveis.<\/p><p class=\"has-medium-font-size\">Nosso estande no Pavilh\u00e3o 9 \/ E06 rapidamente se tornou um ponto de encontro badalado, atraindo visitantes do mundo todo. Novos parceiros passaram por l\u00e1 para conhecer nossas mais recentes inova\u00e7\u00f5es em acess\u00f3rios m\u00e9dicos, e clientes de longa data retornaram para discutir futuras parcerias. A energia, as conversas e o entusiasmo tornaram esta exposi\u00e7\u00e3o verdadeiramente inesquec\u00edvel.<\/p><p class=\"has-medium-font-size\">Um enorme agradecimento a todos os visitantes que fizeram o estande da Medke brilhar \u2014 e \u00e0 nossa dedicada equipe, cujo trabalho \u00e1rduo transformou este evento em um sucesso not\u00e1vel.<\/p><p class=\"has-medium-font-size\">Fique ligado, pois continuaremos trazendo inova\u00e7\u00e3o, qualidade e confiabilidade para o mercado global de sa\u00fade. \ud83c\udf0d\u2764\ufe0f<\/p>","protected":false},"featured_media":8186,"template":"","meta":{"_acf_changed":false},"video-category":[258],"video-tag":[273],"class_list":["post-8179","videos","type-videos","status-publish","has-post-thumbnail","hentry","video-category-company","video-tag-exhibition"],"acf":[],"_links":{"self":[{"href":"https:\/\/medkemedical.com\/pt\/wp-json\/wp\/v2\/videos\/8179","targetHints":{"allow":["GET"]}}],"collection":[{"href":"https:\/\/medkemedical.com\/pt\/wp-json\/wp\/v2\/videos"}],"about":[{"href":"https:\/\/medkemedical.com\/pt\/wp-json\/wp\/v2\/types\/videos"}],"wp:featuredmedia":[{"embeddable":true,"href":"https:\/\/medkemedical.com\/pt\/wp-json\/wp\/v2\/media\/8186"}],"wp:attachment":[{"href":"https:\/\/medkemedical.com\/pt\/wp-json\/wp\/v2\/media?parent=8179"}],"wp:term":[{"taxonomy":"video-category","embeddable":true,"href":"https:\/\/medkemedical.com\/pt\/wp-json\/wp\/v2\/video-category?post=8179"},{"taxonomy":"video-tag","embeddable":true,"href":"https:\/\/medkemedical.com\/pt\/wp-json\/wp\/v2\/video-tag?post=8179"}],"curies":[{"name":"wp","href":"https:\/\/api.w.org\/{rel}","templated":true}]}}